{"id":3372,"date":"2021-03-22T12:41:33","date_gmt":"2021-03-22T11:41:33","guid":{"rendered":"http:\/\/spbazanowice.com.pl\/?page_id=3372"},"modified":"2025-10-10T19:24:15","modified_gmt":"2025-10-10T17:24:15","slug":"spoza-bazanowic","status":"publish","type":"page","link":"http:\/\/spbazanowice.com.pl\/?page_id=3372","title":{"rendered":"Spoza Ba\u017canowic"},"content":{"rendered":"\t\t<div data-elementor-type=\"wp-page\" data-elementor-id=\"3372\" class=\"elementor elementor-3372\" data-elementor-post-type=\"page\">\n\t\t\t\t\t\t<section class=\"elementor-section elementor-top-section elementor-element elementor-element-f739316 elementor-section-boxed elementor-section-height-default elementor-section-height-default\" data-id=\"f739316\" data-element_type=\"section\" data-settings=\"{&quot;background_background&quot;:&quot;classic&quot;}\">\n\t\t\t\t\t\t<div class=\"elementor-container elementor-column-gap-default\">\n\t\t\t\t\t<div class=\"elementor-column elementor-col-100 elementor-top-column elementor-element elementor-element-c03efed\" data-id=\"c03efed\" data-element_type=\"column\">\n\t\t\t<div class=\"elementor-widget-wrap elementor-element-populated\">\n\t\t\t\t\t\t<div class=\"elementor-element elementor-element-28202a3 elementor-widget elementor-widget-heading\" data-id=\"28202a3\" data-element_type=\"widget\" data-widget_type=\"heading.default\">\n\t\t\t\t<div class=\"elementor-widget-container\">\n\t\t\t\t\t<h2 class=\"elementor-heading-title elementor-size-default\">Oliwier Zag\u00f3rski<br>klasa VII<\/h2>\t\t\t\t<\/div>\n\t\t\t\t<\/div>\n\t\t\t\t\t<\/div>\n\t\t<\/div>\n\t\t\t\t\t<\/div>\n\t\t<\/section>\n\t\t\t\t<section class=\"elementor-section elementor-top-section elementor-element elementor-element-5c1e452 elementor-section-boxed elementor-section-height-default elementor-section-height-default\" data-id=\"5c1e452\" data-element_type=\"section\" data-settings=\"{&quot;background_background&quot;:&quot;classic&quot;}\">\n\t\t\t\t\t\t<div class=\"elementor-container elementor-column-gap-default\">\n\t\t\t\t\t<div class=\"elementor-column elementor-col-100 elementor-top-column elementor-element elementor-element-4b0c986\" data-id=\"4b0c986\" data-element_type=\"column\">\n\t\t\t<div class=\"elementor-widget-wrap elementor-element-populated\">\n\t\t\t\t\t\t<div class=\"elementor-element elementor-element-989e8a7 elementor-widget elementor-widget-text-editor\" data-id=\"989e8a7\" data-element_type=\"widget\" data-widget_type=\"text-editor.default\">\n\t\t\t\t<div class=\"elementor-widget-container\">\n\t\t\t\t\t\t\t\t\t<p>Postanowi\u0142em opisa\u0107 szko\u0142\u0119, kt\u00f3ra znajduje si\u0119 w\u00a0 gminie Ha\u017clach, w ma\u0142ej\u00a0 wsi Rudnik. Szko\u0142a ta istnieje od 146 lat, jako polska plac\u00f3wka od 102 lat.<\/p><p>Chodzi\u0142 do tej szko\u0142y dziadek Leon, chodzi\u0142a te\u017c babcia Otylia. Babcia wspomina szko\u0142\u0119 bardzo mi\u0142o. Zawsze ucz\u0119szcza\u0142o tam ma\u0142o dzieci, wszyscy byli ze sob\u0105 z\u017cyci, a nauczyciele mieli dla ka\u017cdego du\u017co czasu.<\/p><p>Babcia Tilka m\u00f3wi te\u017c, \u017ce by\u0142o zdecydowanie mniej nauki i w szkole si\u0119 d\u0142ugo nie siedzia\u0142o. Mama potwierdza opini\u0119 babci, bo r\u00f3wnie\u017c chodzi\u0142a do tej szko\u0142y. W klasie by\u0142o ich o\u015bmioro. Do dzi\u015b ma z wszystkimi kontakt.<\/p><p>Okaza\u0142o si\u0119, \u017ce na temat szko\u0142y\u00a0 zosta\u0142a napisana praca doktorska przez p. Gepfert, za\u0142\u0105czam fragment \u201eWielkiej historii ma\u0142ej szko\u0142y\u201d.<\/p><p>Trwa\u0142o to tylko przez rok &#8211; gdy mia\u0142em 3 lata, to chodzi\u0142em do przedszkola. Cz\u0119sto sp\u0119dza\u0142em czas u babci, bo rodzice pracowali. Wiadomo: nie za du\u017co pami\u0119tam, bo by\u0142em za ma\u0142y, ale mi\u0142o m\u00f3c si\u0119 pochwali\u0107, \u017ce chodzi\u0142o si\u0119 do tego samego przedszkola, co dziadkowie i mama.\u00a0<\/p><p>Od 2001 roku szko\u0142\u0105 zarz\u0105dza Stowarzyszenie Na Rzecz Rozwoju Wsi Rudnik. Stowarzyszenie wraz z mieszka\u0144cami pr\u0119\u017cnie dzia\u0142a, w Rudniku du\u017co si\u0119 dzieje, a szko\u0142a wygl\u0105da coraz pi\u0119kniej\u2026<\/p><p>\u00a0Mam kilka zdj\u0119\u0107 z tego przedszkola. Mi\u0142o czasem wr\u00f3ci\u0107 do tych wspomnie\u0144..<\/p><p>Zdj\u0119cia ukazuj\u0105 jak zmienia\u0142a si\u0119 szko\u0142a w Rudniku.<\/p>\t\t\t\t\t\t\t\t<\/div>\n\t\t\t\t<\/div>\n\t\t\t\t\t<\/div>\n\t\t<\/div>\n\t\t\t\t\t<\/div>\n\t\t<\/section>\n\t\t\t\t<section class=\"elementor-section elementor-top-section elementor-element elementor-element-088e19c elementor-section-boxed elementor-section-height-default elementor-section-height-default\" data-id=\"088e19c\" data-element_type=\"section\" data-settings=\"{&quot;background_background&quot;:&quot;classic&quot;}\">\n\t\t\t\t\t\t<div class=\"elementor-container elementor-column-gap-default\">\n\t\t\t\t\t<div class=\"elementor-column elementor-col-100 elementor-top-column elementor-element elementor-element-a8398d1\" data-id=\"a8398d1\" data-element_type=\"column\">\n\t\t\t<div class=\"elementor-widget-wrap elementor-element-populated\">\n\t\t\t\t\t\t<div class=\"elementor-element elementor-element-eca8891 elementor-widget elementor-widget-gallery\" data-id=\"eca8891\" data-element_type=\"widget\" data-settings=\"{&quot;lazyload&quot;:&quot;yes&quot;,&quot;gallery_layout&quot;:&quot;grid&quot;,&quot;columns&quot;:4,&quot;columns_tablet&quot;:2,&quot;columns_mobile&quot;:1,&quot;gap&quot;:{&quot;unit&quot;:&quot;px&quot;,&quot;size&quot;:10,&quot;sizes&quot;:[]},&quot;gap_tablet&quot;:{&quot;unit&quot;:&quot;px&quot;,&quot;size&quot;:10,&quot;sizes&quot;:[]},&quot;gap_mobile&quot;:{&quot;unit&quot;:&quot;px&quot;,&quot;size&quot;:10,&quot;sizes&quot;:[]},&quot;link_to&quot;:&quot;file&quot;,&quot;aspect_ratio&quot;:&quot;3:2&quot;,&quot;overlay_background&quot;:&quot;yes&quot;,&quot;content_hover_animation&quot;:&quot;fade-in&quot;}\" data-widget_type=\"gallery.default\">\n\t\t\t\t<div class=\"elementor-widget-container\">\n\t\t\t\t\t\t\t<div class=\"elementor-gallery__container\">\n\t\t\t\t\t\t\t<a class=\"e-gallery-item elementor-gallery-item elementor-animated-content\" href=\"http:\/\/spbazanowice.com.pl\/wp-content\/uploads\/2021\/03\/7-Zag\u00f3rski-4-1.jpg\" data-elementor-open-lightbox=\"yes\" data-elementor-lightbox-slideshow=\"eca8891\" data-e-action-hash=\"#elementor-action%3Aaction%3Dlightbox%26settings%3DeyJpZCI6MzQ1MywidXJsIjoiaHR0cDpcL1wvc3BiYXphbm93aWNlLmNvbS5wbFwvd3AtY29udGVudFwvdXBsb2Fkc1wvMjAyMVwvMDNcLzctWmFnXHUwMGYzcnNraS00LTEuanBnIiwic2xpZGVzaG93IjoiZWNhODg5MSJ9\">\n\t\t\t\t\t<div class=\"e-gallery-image elementor-gallery-item__image\" data-thumbnail=\"http:\/\/spbazanowice.com.pl\/wp-content\/uploads\/2021\/03\/7-Zag\u00f3rski-4-1-300x179.jpg\" data-width=\"300\" data-height=\"179\" aria-label=\"\" role=\"img\" ><\/div>\n\t\t\t\t\t\t\t\t\t\t\t<div class=\"elementor-gallery-item__overlay\"><\/div>\n\t\t\t\t\t\t\t\t\t\t\t\t\t\t<\/a>\n\t\t\t\t\t\t\t<a class=\"e-gallery-item elementor-gallery-item elementor-animated-content\" href=\"http:\/\/spbazanowice.com.pl\/wp-content\/uploads\/2021\/03\/7-Zag\u00f3rski-2-1.jpg\" data-elementor-open-lightbox=\"yes\" data-elementor-lightbox-slideshow=\"eca8891\" data-e-action-hash=\"#elementor-action%3Aaction%3Dlightbox%26settings%3DeyJpZCI6MzQ1NCwidXJsIjoiaHR0cDpcL1wvc3BiYXphbm93aWNlLmNvbS5wbFwvd3AtY29udGVudFwvdXBsb2Fkc1wvMjAyMVwvMDNcLzctWmFnXHUwMGYzcnNraS0yLTEuanBnIiwic2xpZGVzaG93IjoiZWNhODg5MSJ9\">\n\t\t\t\t\t<div class=\"e-gallery-image elementor-gallery-item__image\" data-thumbnail=\"http:\/\/spbazanowice.com.pl\/wp-content\/uploads\/2021\/03\/7-Zag\u00f3rski-2-1-300x205.jpg\" data-width=\"300\" data-height=\"205\" aria-label=\"\" role=\"img\" ><\/div>\n\t\t\t\t\t\t\t\t\t\t\t<div class=\"elementor-gallery-item__overlay\"><\/div>\n\t\t\t\t\t\t\t\t\t\t\t\t\t\t<\/a>\n\t\t\t\t\t\t\t<a class=\"e-gallery-item elementor-gallery-item elementor-animated-content\" href=\"http:\/\/spbazanowice.com.pl\/wp-content\/uploads\/2021\/03\/7-Zag\u00f3rski-3-1.jpg\" data-elementor-open-lightbox=\"yes\" data-elementor-lightbox-slideshow=\"eca8891\" data-e-action-hash=\"#elementor-action%3Aaction%3Dlightbox%26settings%3DeyJpZCI6MzQ1NiwidXJsIjoiaHR0cDpcL1wvc3BiYXphbm93aWNlLmNvbS5wbFwvd3AtY29udGVudFwvdXBsb2Fkc1wvMjAyMVwvMDNcLzctWmFnXHUwMGYzcnNraS0zLTEuanBnIiwic2xpZGVzaG93IjoiZWNhODg5MSJ9\">\n\t\t\t\t\t<div class=\"e-gallery-image elementor-gallery-item__image\" data-thumbnail=\"http:\/\/spbazanowice.com.pl\/wp-content\/uploads\/2021\/03\/7-Zag\u00f3rski-3-1-300x180.jpg\" data-width=\"300\" data-height=\"180\" aria-label=\"\" role=\"img\" ><\/div>\n\t\t\t\t\t\t\t\t\t\t\t<div class=\"elementor-gallery-item__overlay\"><\/div>\n\t\t\t\t\t\t\t\t\t\t\t\t\t\t<\/a>\n\t\t\t\t\t<\/div>\n\t\t\t\t\t<\/div>\n\t\t\t\t<\/div>\n\t\t\t\t<div class=\"elementor-element elementor-element-d5124ae elementor-widget elementor-widget-text-editor\" data-id=\"d5124ae\" data-element_type=\"widget\" data-widget_type=\"text-editor.default\">\n\t\t\t\t<div class=\"elementor-widget-container\">\n\t\t\t\t\t\t\t\t\t<p><img decoding=\"async\" class=\"alignnone size-medium wp-image-3451\" src=\"http:\/\/spbazanowice.com.pl\/wp-content\/uploads\/2021\/03\/7-Zag\u00f3rski-1-1-300x153.jpg\" alt=\"\" width=\"300\" height=\"153\" srcset=\"http:\/\/spbazanowice.com.pl\/wp-content\/uploads\/2021\/03\/7-Zag\u00f3rski-1-1-300x153.jpg 300w, http:\/\/spbazanowice.com.pl\/wp-content\/uploads\/2021\/03\/7-Zag\u00f3rski-1-1-1024x522.jpg 1024w, http:\/\/spbazanowice.com.pl\/wp-content\/uploads\/2021\/03\/7-Zag\u00f3rski-1-1-768x392.jpg 768w, http:\/\/spbazanowice.com.pl\/wp-content\/uploads\/2021\/03\/7-Zag\u00f3rski-1-1.jpg 1080w\" sizes=\"(max-width: 300px) 100vw, 300px\" \/><\/p>\t\t\t\t\t\t\t\t<\/div>\n\t\t\t\t<\/div>\n\t\t\t\t\t<\/div>\n\t\t<\/div>\n\t\t\t\t\t<\/div>\n\t\t<\/section>\n\t\t\t\t<section class=\"elementor-section elementor-top-section elementor-element elementor-element-21c62e3 elementor-section-boxed elementor-section-height-default elementor-section-height-default\" data-id=\"21c62e3\" data-element_type=\"section\" data-settings=\"{&quot;background_background&quot;:&quot;classic&quot;}\">\n\t\t\t\t\t\t<div class=\"elementor-container elementor-column-gap-default\">\n\t\t\t\t\t<div class=\"elementor-column elementor-col-100 elementor-top-column elementor-element elementor-element-9784ade\" data-id=\"9784ade\" data-element_type=\"column\">\n\t\t\t<div class=\"elementor-widget-wrap elementor-element-populated\">\n\t\t\t\t\t\t<div class=\"elementor-element elementor-element-cf2d24f elementor-widget elementor-widget-heading\" data-id=\"cf2d24f\" data-element_type=\"widget\" data-widget_type=\"heading.default\">\n\t\t\t\t<div class=\"elementor-widget-container\">\n\t\t\t\t\t<h2 class=\"elementor-heading-title elementor-size-default\">_____________________________________________<br><br>Mi\u0142osz Wojtas<br>klasa VI<\/h2>\t\t\t\t<\/div>\n\t\t\t\t<\/div>\n\t\t\t\t\t<\/div>\n\t\t<\/div>\n\t\t\t\t\t<\/div>\n\t\t<\/section>\n\t\t\t\t<section class=\"elementor-section elementor-top-section elementor-element elementor-element-b43ac1d elementor-section-boxed elementor-section-height-default elementor-section-height-default\" data-id=\"b43ac1d\" data-element_type=\"section\" data-settings=\"{&quot;background_background&quot;:&quot;classic&quot;}\">\n\t\t\t\t\t\t<div class=\"elementor-container elementor-column-gap-default\">\n\t\t\t\t\t<div class=\"elementor-column elementor-col-100 elementor-top-column elementor-element elementor-element-c6077b7\" data-id=\"c6077b7\" data-element_type=\"column\">\n\t\t\t<div class=\"elementor-widget-wrap elementor-element-populated\">\n\t\t\t\t\t\t<div class=\"elementor-element elementor-element-247308a elementor-widget elementor-widget-text-editor\" data-id=\"247308a\" data-element_type=\"widget\" data-widget_type=\"text-editor.default\">\n\t\t\t\t<div class=\"elementor-widget-container\">\n\t\t\t\t\t\t\t\t\t<p>M\u00f3j dziadek chodzi\u0142 do szko\u0142y podstawowej w Cieszynie na ul. Michejdy.<\/p><p>Uczniowie chodzili do szko\u0142y nawet w soboty. Musieli nosi\u0107 mundurki. Na wf-ie grali w dwa ognie. Nie by\u0142o informatyki, ale by\u0142o PO [przysposobienie obronne, na kt\u00f3rym uczono si\u0119 np. pierwszej pomocy].<\/p><p>Moja babcia chodzi\u0142a do szko\u0142y w Kostkowicach. Uczyli si\u0119 tam j. rosyjskiego. Babcia pami\u0119ta s\u0142owo ypok [czyt. urok] \u2013 lekcja.<\/p>\t\t\t\t\t\t\t\t<\/div>\n\t\t\t\t<\/div>\n\t\t\t\t\t<\/div>\n\t\t<\/div>\n\t\t\t\t\t<\/div>\n\t\t<\/section>\n\t\t\t\t<section class=\"elementor-section elementor-top-section elementor-element elementor-element-b708de0 elementor-section-boxed elementor-section-height-default elementor-section-height-default\" data-id=\"b708de0\" data-element_type=\"section\" data-settings=\"{&quot;background_background&quot;:&quot;classic&quot;}\">\n\t\t\t\t\t\t<div class=\"elementor-container elementor-column-gap-default\">\n\t\t\t\t\t<div class=\"elementor-column elementor-col-100 elementor-top-column elementor-element elementor-element-4a97371\" data-id=\"4a97371\" data-element_type=\"column\">\n\t\t\t<div class=\"elementor-widget-wrap elementor-element-populated\">\n\t\t\t\t\t\t<div class=\"elementor-element elementor-element-1780bdd elementor-widget elementor-widget-heading\" data-id=\"1780bdd\" data-element_type=\"widget\" data-widget_type=\"heading.default\">\n\t\t\t\t<div class=\"elementor-widget-container\">\n\t\t\t\t\t<h2 class=\"elementor-heading-title elementor-size-default\">_____________________________________________<br><br>Natanael Klaisek<br>klasa V<\/h2>\t\t\t\t<\/div>\n\t\t\t\t<\/div>\n\t\t\t\t\t<\/div>\n\t\t<\/div>\n\t\t\t\t\t<\/div>\n\t\t<\/section>\n\t\t\t\t<section class=\"elementor-section elementor-top-section elementor-element elementor-element-47105a3 elementor-section-boxed elementor-section-height-default elementor-section-height-default\" data-id=\"47105a3\" data-element_type=\"section\" data-settings=\"{&quot;background_background&quot;:&quot;classic&quot;}\">\n\t\t\t\t\t\t<div class=\"elementor-container elementor-column-gap-default\">\n\t\t\t\t\t<div class=\"elementor-column elementor-col-100 elementor-top-column elementor-element elementor-element-2eecbef\" data-id=\"2eecbef\" data-element_type=\"column\">\n\t\t\t<div class=\"elementor-widget-wrap elementor-element-populated\">\n\t\t\t\t\t\t<div class=\"elementor-element elementor-element-a6b6079 elementor-widget elementor-widget-text-editor\" data-id=\"a6b6079\" data-element_type=\"widget\" data-widget_type=\"text-editor.default\">\n\t\t\t\t<div class=\"elementor-widget-container\">\n\t\t\t\t\t\t\t\t\t<p>Podczas mojej ostatniej wizyty u babci Danusi rozmawiali\u015bmy troch\u0119 o czasach, gdy babcia by\u0142a m\u0142oda i chodzi\u0142a do szko\u0142y w Goleszowie.<\/p><p>Edukacja w tamtych czasach by\u0142a podobna,cho\u0107 troch\u0119 r\u00f3\u017cni\u0142a si\u0119 od naszej. Nauka w szkole podstawowej te\u017c trwa\u0142a 8 lat. Na szcz\u0119\u015bcie ja nie musz\u0119 chodzi\u0107 do szko\u0142y w sobot\u0119 jak moja babcia. Podobnie jak dzi\u015b, w klasie by\u0142y grzeczne dzieci i \u0142obuzy lubi\u0105ce psikusy. Babcia mia\u0142a w szkole te same przedmioty co ja, ale zamiast j\u0119zyka angielskiego i niemieckiego uczy\u0142a si\u0119 j\u0119zyka rosyjskiego.<\/p><p>Najbardziej lubi\u0142a muzyk\u0119 i wf. Nie lubi\u0142a natomiast j\u0119zyka polskiego i matematyki. Gdy zapyta\u0142em babci\u0119 o zadania domowe, to stwierdzi\u0142a, \u017ce by\u0142o ich du\u017co.<\/p><p>W szkole nie by\u0142o \u017cadnych dodatkowych zaj\u0119\u0107 ani obiad\u00f3w. Poza festynami nie by\u0142o te\u017c \u017cadnych innych imprez szkolnych. Podczas najd\u0142u\u017cszej przerwy mi\u0119dzy lekcjami babcia z kole\u017cankami gra\u0142a w klasy.<\/p><p>Ciesz\u0119 si\u0119, \u017ce w mojej szkole s\u0105 dodatkowe zaj\u0119cia i nie ma lekcji w sobot\u0119. Chcia\u0142bym uczy\u0107 si\u0119 j\u0119zyka rosyjskiego jak babcia.<\/p>\t\t\t\t\t\t\t\t<\/div>\n\t\t\t\t<\/div>\n\t\t\t\t\t<\/div>\n\t\t<\/div>\n\t\t\t\t\t<\/div>\n\t\t<\/section>\n\t\t\t\t<section class=\"elementor-section elementor-top-section elementor-element elementor-element-a166749 elementor-section-boxed elementor-section-height-default elementor-section-height-default\" data-id=\"a166749\" data-element_type=\"section\" data-settings=\"{&quot;background_background&quot;:&quot;classic&quot;}\">\n\t\t\t\t\t\t<div class=\"elementor-container elementor-column-gap-default\">\n\t\t\t\t\t<div class=\"elementor-column elementor-col-100 elementor-top-column elementor-element elementor-element-beb7082\" data-id=\"beb7082\" data-element_type=\"column\">\n\t\t\t<div class=\"elementor-widget-wrap elementor-element-populated\">\n\t\t\t\t\t\t<div class=\"elementor-element elementor-element-5dfae68 elementor-widget elementor-widget-heading\" data-id=\"5dfae68\" data-element_type=\"widget\" data-widget_type=\"heading.default\">\n\t\t\t\t<div class=\"elementor-widget-container\">\n\t\t\t\t\t<h2 class=\"elementor-heading-title elementor-size-default\">_____________________________________________<br><br>Sonia Trojan<br> klasa V<\/h2>\t\t\t\t<\/div>\n\t\t\t\t<\/div>\n\t\t\t\t\t<\/div>\n\t\t<\/div>\n\t\t\t\t\t<\/div>\n\t\t<\/section>\n\t\t\t\t<section class=\"elementor-section elementor-top-section elementor-element elementor-element-ea5eac1 elementor-section-boxed elementor-section-height-default elementor-section-height-default\" data-id=\"ea5eac1\" data-element_type=\"section\" data-settings=\"{&quot;background_background&quot;:&quot;classic&quot;}\">\n\t\t\t\t\t\t<div class=\"elementor-container elementor-column-gap-default\">\n\t\t\t\t\t<div class=\"elementor-column elementor-col-100 elementor-top-column elementor-element elementor-element-68c8bdb\" data-id=\"68c8bdb\" data-element_type=\"column\">\n\t\t\t<div class=\"elementor-widget-wrap elementor-element-populated\">\n\t\t\t\t\t\t<div class=\"elementor-element elementor-element-7e95a7f elementor-widget elementor-widget-text-editor\" data-id=\"7e95a7f\" data-element_type=\"widget\" data-widget_type=\"text-editor.default\">\n\t\t\t\t<div class=\"elementor-widget-container\">\n\t\t\t\t\t\t\t\t\t<p>Moja babcia chodzi\u0142a do szko\u0142y podstawowej w Mi\u0119cinie, wysoko w g\u00f3rach Beskidu S\u0105deckiego. Do szko\u0142y mia\u0142a daleko: cztery kilometry skr\u00f3tem. Chodzi\u0142a w ka\u017cd\u0105 pogod\u0119, lecz gdy by\u0142o 25 stopni mrozu, to zostawa\u0142a w domu, a czasem nocowa\u0142a u kuzynki, kt\u00f3ra mieszka\u0142a po drodze.<\/p><p>Moja babcia bardzo lubi\u0142a chodzi\u0107 do szko\u0142y, jej ulubionymi przedmiotami by\u0142y geografia i historia. W jej szkole mo\u017cna by\u0142o pracowa\u0107 w bibliotece, \u015bpiewa\u0107 w ch\u00f3rze oraz zapisa\u0107 si\u0119 do dru\u017cyny siatk\u00f3wki. W pierwszej klasie obowi\u0105zkowe by\u0142o liczyd\u0142o i gor\u0105ce mleko, a w innych klasach \u0142y\u017cka tranu i kr\u00f3tka gimnastyka przed lekcjami. Przerwy sp\u0119dza\u0142o si\u0119 na boisku. Zim\u0105 na wf chodzi\u0142o si\u0119 na lodowisko przy szkole.<\/p><p>W szkole mojej babci panowa\u0142a dyscyplina, poniewa\u017c nikt nie chcia\u0142 sta\u0107 w k\u0105cie, sprz\u0105ta\u0107 ani kl\u0119cze\u0107 na grochu. Nie by\u0142o wtedy takich kolorowych przybor\u00f3w szkolnych, telefon\u00f3w, komputer\u00f3w ani kalkulator\u00f3w.<\/p>\t\t\t\t\t\t\t\t<\/div>\n\t\t\t\t<\/div>\n\t\t\t\t\t<\/div>\n\t\t<\/div>\n\t\t\t\t\t<\/div>\n\t\t<\/section>\n\t\t\t\t<section class=\"elementor-section elementor-top-section elementor-element elementor-element-c5e8a2d elementor-section-boxed elementor-section-height-default elementor-section-height-default\" data-id=\"c5e8a2d\" data-element_type=\"section\" data-settings=\"{&quot;background_background&quot;:&quot;classic&quot;}\">\n\t\t\t\t\t\t<div class=\"elementor-container elementor-column-gap-default\">\n\t\t\t\t\t<div class=\"elementor-column elementor-col-100 elementor-top-column elementor-element elementor-element-20f96b0\" data-id=\"20f96b0\" data-element_type=\"column\">\n\t\t\t<div class=\"elementor-widget-wrap elementor-element-populated\">\n\t\t\t\t\t\t<div class=\"elementor-element elementor-element-ef24cc1 elementor-widget elementor-widget-heading\" data-id=\"ef24cc1\" data-element_type=\"widget\" data-widget_type=\"heading.default\">\n\t\t\t\t<div class=\"elementor-widget-container\">\n\t\t\t\t\t<h2 class=\"elementor-heading-title elementor-size-default\">_____________________________________________<br><br>Oliwia Czarnecka<br>klasa V<\/h2>\t\t\t\t<\/div>\n\t\t\t\t<\/div>\n\t\t\t\t\t<\/div>\n\t\t<\/div>\n\t\t\t\t\t<\/div>\n\t\t<\/section>\n\t\t\t\t<section class=\"elementor-section elementor-top-section elementor-element elementor-element-ffc8926 elementor-section-boxed elementor-section-height-default elementor-section-height-default\" data-id=\"ffc8926\" data-element_type=\"section\" data-settings=\"{&quot;background_background&quot;:&quot;classic&quot;}\">\n\t\t\t\t\t\t<div class=\"elementor-container elementor-column-gap-default\">\n\t\t\t\t\t<div class=\"elementor-column elementor-col-100 elementor-top-column elementor-element elementor-element-6f54aef\" data-id=\"6f54aef\" data-element_type=\"column\">\n\t\t\t<div class=\"elementor-widget-wrap elementor-element-populated\">\n\t\t\t\t\t\t<div class=\"elementor-element elementor-element-7d81f9d elementor-widget elementor-widget-text-editor\" data-id=\"7d81f9d\" data-element_type=\"widget\" data-widget_type=\"text-editor.default\">\n\t\t\t\t<div class=\"elementor-widget-container\">\n\t\t\t\t\t\t\t\t\t<p>M\u00f3j tata chodzi\u0142 do szko\u0142y podstawowej w Wi\u015ble. Przedmioty szkolne by\u0142y takie same. Ulubione przedmioty szkolne taty to: informatyka, chemia, wychowanie fizyczne, muzyka, j. polski. Najciekawsze zaj\u0119cia by\u0142y z chemii. Nauczycielka pokazywa\u0142a interesuj\u0105ce do\u015bwiadczenia chemiczne. Najwi\u0119ksza dyscyplina by\u0142a na lekcji biologii, ka\u017cdy z uczni\u00f3w ba\u0142 si\u0119, \u017ce zostanie przepytany, gdy\u017c pani by\u0142a bardzo ostra. Najfajniejsze lekcje by\u0142y z muzyki, poniewa\u017c pan bardzo \u0142adnie \u015bpiewa\u0142 i gra\u0142 na pianinie. Szko\u0142a organizowa\u0142a du\u017co fajnych wycieczek, mi\u0119dzy innymi wyjazd do Krakowa, zwiedzanie Wieliczki, zielon\u0105 szko\u0142\u0119 w Ko\u0142obrzegu.<\/p><p>Szko\u0142a organizowa\u0142a r\u00f3wnie\u017c dyskoteki, na kt\u00f3rych dzia\u0142o si\u0119 du\u017co ciekawych rzeczy. Tata nigdy nie zapomni, jak kolega wrzuci\u0142 petard\u0119 do ubikacji. Z tego powodu zrobi\u0142a si\u0119 afera na ca\u0142\u0105 szko\u0142\u0119 i pani dyrektor zarz\u0105dzi\u0142a apel. Innym razem, podczas Rajdu Samochodowego Wis\u0142y, uczennica \u00f3smej klasy zadzwoni\u0142a z budki telefonicznej, \u017ce w szkole jest pod\u0142o\u017cona bomba. Ca\u0142a szko\u0142a zosta\u0142a ewakuowana i w ten spos\u00f3b du\u017co uczni\u00f3w posz\u0142o na rajd czy do domu. Przyjecha\u0142a stra\u017c po\u017carna i policja, kt\u00f3rej uda\u0142o si\u0119 ustali\u0107, kto zadzwoni\u0142. Uczennica zosta\u0142a surowo ukarana.<\/p><p>.<\/p>\t\t\t\t\t\t\t\t<\/div>\n\t\t\t\t<\/div>\n\t\t\t\t\t<\/div>\n\t\t<\/div>\n\t\t\t\t\t<\/div>\n\t\t<\/section>\n\t\t\t\t<section class=\"elementor-section elementor-top-section elementor-element elementor-element-cfba270 elementor-section-boxed elementor-section-height-default elementor-section-height-default\" data-id=\"cfba270\" data-element_type=\"section\" data-settings=\"{&quot;background_background&quot;:&quot;classic&quot;}\">\n\t\t\t\t\t\t<div class=\"elementor-container elementor-column-gap-default\">\n\t\t\t\t\t<div class=\"elementor-column elementor-col-100 elementor-top-column elementor-element elementor-element-84dda0b\" data-id=\"84dda0b\" data-element_type=\"column\">\n\t\t\t<div class=\"elementor-widget-wrap elementor-element-populated\">\n\t\t\t\t\t\t<div class=\"elementor-element elementor-element-dbfd372 elementor-widget elementor-widget-heading\" data-id=\"dbfd372\" data-element_type=\"widget\" data-widget_type=\"heading.default\">\n\t\t\t\t<div class=\"elementor-widget-container\">\n\t\t\t\t\t<h2 class=\"elementor-heading-title elementor-size-default\">_____________________________________________<br><br>Pawe\u0142 Becza\u0142a<br>klasa V<\/h2>\t\t\t\t<\/div>\n\t\t\t\t<\/div>\n\t\t\t\t\t<\/div>\n\t\t<\/div>\n\t\t\t\t\t<\/div>\n\t\t<\/section>\n\t\t\t\t<section class=\"elementor-section elementor-top-section elementor-element elementor-element-8317afb elementor-section-boxed elementor-section-height-default elementor-section-height-default\" data-id=\"8317afb\" data-element_type=\"section\" data-settings=\"{&quot;background_background&quot;:&quot;classic&quot;}\">\n\t\t\t\t\t\t<div class=\"elementor-container elementor-column-gap-default\">\n\t\t\t\t\t<div class=\"elementor-column elementor-col-100 elementor-top-column elementor-element elementor-element-1bb3308\" data-id=\"1bb3308\" data-element_type=\"column\">\n\t\t\t<div class=\"elementor-widget-wrap elementor-element-populated\">\n\t\t\t\t\t\t<div class=\"elementor-element elementor-element-8e7bfc2 elementor-widget elementor-widget-text-editor\" data-id=\"8e7bfc2\" data-element_type=\"widget\" data-widget_type=\"text-editor.default\">\n\t\t\t\t<div class=\"elementor-widget-container\">\n\t\t\t\t\t\t\t\t\t<p>(\u2026) Do szko\u0142y mia\u0142em oko\u0142o p\u00f3\u0142tora kilometra. Poniewa\u017c mieszka\u0142em w [Goleszowie] Kolonii, dlatego rzadko si\u0119 zdarza\u0142o, abym szed\u0142 do szko\u0142y sam. Wszyscy chodzili\u015bmy do podstaw\u00f3wki na godzin\u0119 \u00f3sm\u0105, w zwi\u0105zku z tym zawsze szed\u0142em z kim\u015b (\u2026), nierzadko ca\u0142\u0105 band\u0105. (\u2026) Moj\u0105 wychowawczyni\u0105 by\u0142a p. Emilia Sztwiertnia, w\u015br\u00f3d gremium szkolnego uchodzi\u0142a za nauczycielk\u0119 ostr\u0105 niczym brzytwa. By\u0142a wymagaj\u0105ca i nie pozwala\u0142a na \u017cadne wybryki. W razie niesubordynacji potrafi\u0142a wzi\u0105\u0107 linijk\u0119 albo kij, kaza\u0142a wyci\u0105gn\u0105\u0107 r\u0119k\u0119 i konkretnie przy\u0142o\u017cy\u0142a. (\u2026)<\/p><p>(\u2026) do ch\u00f3ru szkolnego nale\u017ca\u0142a wi\u0119kszo\u015b\u0107 uczni\u00f3w starszych klas szko\u0142y. Prowadzi\u0142 go wychowawca kl. 7, a potem dyrektor p. Karol Bruk. By\u0142 to nauczyciel, kt\u00f3ry cieszy\u0142 si\u0119 niesamowitym powa\u017caniem i autorytetem. Nie przypominam sobie, aby kiedykolwiek podni\u00f3s\u0142 g\u0142os, ale kiedy wyszed\u0142 ze swego gabinetu na korytarz, zalega\u0142a cisza. (\u2026) Zreszt\u0105 wszyscy nauczyciele cieszyli si\u0119 (\u2026) og\u00f3lnym powa\u017caniem. Nie do pomy\u015blenia by\u0142a sytuacja, by ucze\u0144 poskar\u017cy\u0142 si\u0119 rodzicom, \u017ce dosta\u0142 po \u0142apach od nauczyciela, bo w najlepszym przypadku sko\u0144czy\u0142oby si\u0119 solidn\u0105 reprymend\u0105, a nierzadko solidn\u0105 \u201ewyp\u0142at\u0105\u201d. (\u2026)<\/p><p>Opr\u00f3cz ch\u00f3ru by\u0142y te\u017c inne zaj\u0119cia pozalekcyjne. Wielk\u0105 popularno\u015bci\u0105 cieszy\u0142 si\u0119 SKS, na bazie kt\u00f3rego powsta\u0142a silna dru\u017cyna pi\u0142ki r\u0119cznej (szczypiorniaka), kt\u00f3ra odnosi\u0142a du\u017ce sukcesy w rozgrywkach mi\u0119dzyszkolnych. Podobnie powodzi\u0142o si\u0119 naszemu k\u00f3\u0142ku szachowemu. (\u2026)<\/p><p>Natomiast powszechn\u0105 gr\u0105\u00a0 (\u2026) by\u0142 cymbergaj. Efektem tego szale\u0144stwa by\u0142y niewielkie naci\u0119cia na stolikach szkolnych (\u2026), oznacza\u0142y bramki. (\u2026)<\/p><p>Do szko\u0142y wychodzili\u015bmy, gdy rodzice byli ju\u017c w pracy, wi\u0119c sami musieli\u015bmy si\u0119 ubra\u0107 i spakowa\u0107, wyj\u015b\u0107 na czas. Wspomnie\u0107 nale\u017cy, \u017ce mia\u0142em dwie m\u0142odsze siostry, kt\u00f3rych te\u017c trzeba by\u0142o dopilnowa\u0107 i wyprawi\u0107, najpierw do przedszkola, p\u00f3\u017aniej do szko\u0142y.<\/p><p>Uczniem by\u0142em przeci\u0119tnym, bo rodzice nie bardzo mieli czas i mo\u017cliwo\u015bci, by pomaga\u0107 nam w nauce, bo sami mieli uko\u0144czone ledwie szko\u0142y podstawowe.<\/p><p>Po lekcjach chodzili\u015bmy na sto\u0142\u00f3wk\u0119, a potem na (\u2026) zaj\u0119cia \u015bwietlicowe, w czasie kt\u00f3rych odrabiali\u015bmy zadane lekcje. O 15 wracali\u015bmy do domu, gdzie czeka\u0142a ju\u017c mama z obiadem. Cz\u0119sto zdarza\u0142o si\u0119, \u017ce ko\u0144czyli\u015bmy go sami, bo rodzice poszli ju\u017c na budow\u0119. Mama napor\u0119czy\u0142a, aby dzieci pozmywa\u0142y garnki, ja gotowa\u0142em (\u2026) dla \u015bwi\u0144. Cz\u0119sto te czynno\u015bci wykonywali\u015bmy dopiero jak widzieli\u015bmy, \u017ce rodzice wracaj\u0105 do domu. (\u2026)<\/p><p>\u00a0<\/p><p>\u00a0<\/p>\t\t\t\t\t\t\t\t<\/div>\n\t\t\t\t<\/div>\n\t\t\t\t\t<\/div>\n\t\t<\/div>\n\t\t\t\t\t<\/div>\n\t\t<\/section>\n\t\t\t\t<section class=\"elementor-section elementor-top-section elementor-element elementor-element-6ff273f elementor-section-boxed elementor-section-height-default elementor-section-height-default\" data-id=\"6ff273f\" data-element_type=\"section\" data-settings=\"{&quot;background_background&quot;:&quot;classic&quot;}\">\n\t\t\t\t\t\t<div class=\"elementor-container elementor-column-gap-default\">\n\t\t\t\t\t<div class=\"elementor-column elementor-col-100 elementor-top-column elementor-element elementor-element-20b0394\" data-id=\"20b0394\" data-element_type=\"column\">\n\t\t\t<div class=\"elementor-widget-wrap elementor-element-populated\">\n\t\t\t\t\t\t<div class=\"elementor-element elementor-element-facc976 elementor-widget elementor-widget-heading\" data-id=\"facc976\" data-element_type=\"widget\" data-widget_type=\"heading.default\">\n\t\t\t\t<div class=\"elementor-widget-container\">\n\t\t\t\t\t<h2 class=\"elementor-heading-title elementor-size-default\">_____________________________________________<br><br>Maksymilian Wojtas<br>klasa V<\/h2>\t\t\t\t<\/div>\n\t\t\t\t<\/div>\n\t\t\t\t\t<\/div>\n\t\t<\/div>\n\t\t\t\t\t<\/div>\n\t\t<\/section>\n\t\t\t\t<section class=\"elementor-section elementor-top-section elementor-element elementor-element-1ca8458 elementor-section-boxed elementor-section-height-default elementor-section-height-default\" data-id=\"1ca8458\" data-element_type=\"section\" data-settings=\"{&quot;background_background&quot;:&quot;classic&quot;}\">\n\t\t\t\t\t\t<div class=\"elementor-container elementor-column-gap-default\">\n\t\t\t\t\t<div class=\"elementor-column elementor-col-100 elementor-top-column elementor-element elementor-element-4216e14\" data-id=\"4216e14\" data-element_type=\"column\">\n\t\t\t<div class=\"elementor-widget-wrap elementor-element-populated\">\n\t\t\t\t\t\t<div class=\"elementor-element elementor-element-fb55c6a elementor-widget elementor-widget-text-editor\" data-id=\"fb55c6a\" data-element_type=\"widget\" data-widget_type=\"text-editor.default\">\n\t\t\t\t<div class=\"elementor-widget-container\">\n\t\t\t\t\t\t\t\t\t<p>Mama mojej mamy, babcia Marysia,\u00a0 ucz\u0119szcza\u0142a do Szko\u0142y Podstawowej w Ko\u0144czycach Wielkich.<\/p><p>Szko\u0142a w latach 60. r\u00f3\u017cni\u0142a si\u0119 od dzisiejszej. Uczniowie wykazywali si\u0119 wi\u0119ksz\u0105 dyscyplin\u0105 i szacunkiem do nauczycieli, a gdy kto\u015b by\u0142 niegrzeczny, sta\u0142 w k\u0105cie. Moja babcia opowiada\u0142a, \u017ce zawsze musia\u0142a by\u0107 przygotowana z ka\u017cdego przedmiotu i uczy\u0142a si\u0119 dwie godziny dziennie.<\/p><p>Moja babcia nosi\u0142a granatowy mundurek z bia\u0142ym ko\u0142nierzem.<\/p><p>W ramach szko\u0142y chodzi\u0142o si\u0119 na wykopki. W czasie pracy dostawa\u0142o si\u0119 bu\u0142k\u0119 i mleko, a po pracy uczniowie byli cz\u0119stowani kolacj\u0105.<\/p><p>Przedmioty by\u0142y podobne jak dzi\u015b. Nie by\u0142o angielskiego, tylko rosyjski od klasy 5 i przysposobienie obronne.<\/p>\t\t\t\t\t\t\t\t<\/div>\n\t\t\t\t<\/div>\n\t\t\t\t\t<\/div>\n\t\t<\/div>\n\t\t\t\t\t<\/div>\n\t\t<\/section>\n\t\t\t\t<section class=\"elementor-section elementor-top-section elementor-element elementor-element-61b396c elementor-section-boxed elementor-section-height-default elementor-section-height-default\" data-id=\"61b396c\" data-element_type=\"section\" data-settings=\"{&quot;background_background&quot;:&quot;classic&quot;}\">\n\t\t\t\t\t\t<div class=\"elementor-container elementor-column-gap-default\">\n\t\t\t\t\t<div class=\"elementor-column elementor-col-100 elementor-top-column elementor-element elementor-element-c80fb63\" data-id=\"c80fb63\" data-element_type=\"column\">\n\t\t\t<div class=\"elementor-widget-wrap elementor-element-populated\">\n\t\t\t\t\t\t<div class=\"elementor-element elementor-element-8080645 elementor-widget elementor-widget-heading\" data-id=\"8080645\" data-element_type=\"widget\" data-widget_type=\"heading.default\">\n\t\t\t\t<div class=\"elementor-widget-container\">\n\t\t\t\t\t<h2 class=\"elementor-heading-title elementor-size-default\">_____________________________________________<br><br>Jakub Czarnecki <br>klasa IV<\/h2>\t\t\t\t<\/div>\n\t\t\t\t<\/div>\n\t\t\t\t\t<\/div>\n\t\t<\/div>\n\t\t\t\t\t<\/div>\n\t\t<\/section>\n\t\t\t\t<section class=\"elementor-section elementor-top-section elementor-element elementor-element-8d4d318 elementor-section-boxed elementor-section-height-default elementor-section-height-default\" data-id=\"8d4d318\" data-element_type=\"section\" data-settings=\"{&quot;background_background&quot;:&quot;classic&quot;}\">\n\t\t\t\t\t\t<div class=\"elementor-container elementor-column-gap-default\">\n\t\t\t\t\t<div class=\"elementor-column elementor-col-100 elementor-top-column elementor-element elementor-element-fca8a5e\" data-id=\"fca8a5e\" data-element_type=\"column\">\n\t\t\t<div class=\"elementor-widget-wrap elementor-element-populated\">\n\t\t\t\t\t\t<div class=\"elementor-element elementor-element-5655604 elementor-widget elementor-widget-text-editor\" data-id=\"5655604\" data-element_type=\"widget\" data-widget_type=\"text-editor.default\">\n\t\t\t\t<div class=\"elementor-widget-container\">\n\t\t\t\t\t\t\t\t\t<p>Moja prababcia Ewa ma 80 lat. Uko\u0144czy\u0142a szko\u0142\u0119 podstawow\u0105, czyli 8 klas, w Wi\u015ble Jaworniku.<\/p><p>Lekcje odbywa\u0142y si\u0119 od poniedzia\u0142ku do soboty. Bardzo lubi\u0142a lekcje j. rosyjskiego. Zna kilka wierszy i piosenek w tym j\u0119zyku. W tamtych czasach nie by\u0142o zaj\u0119\u0107 dodatkowych.<\/p><p>Dzieci chodzi\u0142y do szko\u0142y boso lub w kierpcach, nawet w zimie. Ubrania nosi\u0142y po starszym rodze\u0144stwie, czasami podziurawione i po\u0142atane skrawkami r\u00f3\u017cnych materia\u0142\u00f3w. Dzieci nie mia\u0142y plecak\u00f3w, ksi\u0105\u017cki nosi\u0142y w tzw. dzichcie. By\u0142 to skrawek starego materia\u0142u w kszta\u0142cie kwadratu z doszytymi ko\u0144cami, czyli sznurkami. W szkole nie mieli pi\u00f3rnik\u00f3w, tylko ka\u0142amarz i pi\u00f3ro. Dyscyplina by\u0142a bardzo surowa. Dzieci bito drewnian\u0105 linijk\u0105 lub skakank\u0105, a nawet smyczkiem od skrzypiec, wi\u0119c \u017cadne psikusy nie by\u0142y im w g\u0142owie.<\/p><p>Po lekcjach, gdy byli bardzo g\u0142odni, podczas powrotu do domu chodzili na z\u0142odziejk\u0119, np. na jab\u0142ka, gruszki, \u015bliwki.<\/p><p>W tamtych czasach nie by\u0142o mowy o chodzeniu na jakiekolwiek imprezy, dzieci zaraz po szkole wraca\u0142y do domu i pomaga\u0142y mamie w gospodarstwie.<\/p><p>\u017bycie dzieci w tamtych czasach by\u0142o trudne i ci\u0119\u017ckie. Bez wyg\u00f3d i grymas\u00f3w, ale prababcia m\u00f3wi,\u00a0 \u017ce wtedy \u017cy\u0142o si\u0119 lepiej, bo ludzie byli sobie \u017cyczliwsi.<\/p>\t\t\t\t\t\t\t\t<\/div>\n\t\t\t\t<\/div>\n\t\t\t\t\t<\/div>\n\t\t<\/div>\n\t\t\t\t\t<\/div>\n\t\t<\/section>\n\t\t\t\t<section class=\"elementor-section elementor-top-section elementor-element elementor-element-e466959 elementor-section-boxed elementor-section-height-default elementor-section-height-default\" data-id=\"e466959\" data-element_type=\"section\" data-settings=\"{&quot;background_background&quot;:&quot;classic&quot;}\">\n\t\t\t\t\t\t<div class=\"elementor-container elementor-column-gap-default\">\n\t\t\t\t\t<div class=\"elementor-column elementor-col-100 elementor-top-column elementor-element elementor-element-bb1916d\" data-id=\"bb1916d\" data-element_type=\"column\">\n\t\t\t<div class=\"elementor-widget-wrap elementor-element-populated\">\n\t\t\t\t\t\t<div class=\"elementor-element elementor-element-6569247 elementor-widget elementor-widget-heading\" data-id=\"6569247\" data-element_type=\"widget\" data-widget_type=\"heading.default\">\n\t\t\t\t<div class=\"elementor-widget-container\">\n\t\t\t\t\t<h2 class=\"elementor-heading-title elementor-size-default\">_____________________________________________<br><br>Adrianna Paw<br>klasa IV<\/h2>\t\t\t\t<\/div>\n\t\t\t\t<\/div>\n\t\t\t\t\t<\/div>\n\t\t<\/div>\n\t\t\t\t\t<\/div>\n\t\t<\/section>\n\t\t\t\t<section class=\"elementor-section elementor-top-section elementor-element elementor-element-a0c60cf elementor-section-boxed elementor-section-height-default elementor-section-height-default\" data-id=\"a0c60cf\" data-element_type=\"section\" data-settings=\"{&quot;background_background&quot;:&quot;classic&quot;}\">\n\t\t\t\t\t\t<div class=\"elementor-container elementor-column-gap-default\">\n\t\t\t\t\t<div class=\"elementor-column elementor-col-100 elementor-top-column elementor-element elementor-element-06c50f8\" data-id=\"06c50f8\" data-element_type=\"column\">\n\t\t\t<div class=\"elementor-widget-wrap elementor-element-populated\">\n\t\t\t\t\t\t<div class=\"elementor-element elementor-element-52727be elementor-widget elementor-widget-text-editor\" data-id=\"52727be\" data-element_type=\"widget\" data-widget_type=\"text-editor.default\">\n\t\t\t\t<div class=\"elementor-widget-container\">\n\t\t\t\t\t\t\t\t\t<p>M\u00f3j dziadek chodzi\u0142 do szko\u0142y w Wi\u015ble Czarnem w latach 1945-1952.<\/p><p>W tamtych czasach u\u017cywano jeszcze tabliczek i rysik\u00f3w. Klas by\u0142o 7. Nauczyciele stosowali kary cielesne, np. bicie linijk\u0105 po r\u0119kach albo ci\u0105gni\u0119cie za uszy. Dziadek mia\u0142 brzydki charakter pisma, dlatego czasem musia\u0142 zosta\u0107 po lekcjach [pewnie, by przepisywa\u0107\u2026].<\/p><p>W lecie do szko\u0142y chodzi\u0142 na bosaka, a w zimie je\u017adzi\u0142 na nartach.<\/p><p>W tamtych czasach nie by\u0142o jeszcze telewizor\u00f3w i komputer\u00f3w, ale czasem w szkole by\u0142 wy\u015bwietlany film. By\u0142a to wielka frajda.<\/p><p>Kiedy dziadek by\u0142 du\u017cy [doros\u0142y], pracowa\u0142 w zak\u0142adzie, kt\u00f3ry przywozi\u0142 materia\u0142y do budowy szko\u0142y w Ba\u017canowicach.<\/p>\t\t\t\t\t\t\t\t<\/div>\n\t\t\t\t<\/div>\n\t\t\t\t\t<\/div>\n\t\t<\/div>\n\t\t\t\t\t<\/div>\n\t\t<\/section>\n\t\t\t\t<section class=\"elementor-section elementor-top-section elementor-element elementor-element-3a02cb9 elementor-section-boxed elementor-section-height-default elementor-section-height-default\" data-id=\"3a02cb9\" data-element_type=\"section\" data-settings=\"{&quot;background_background&quot;:&quot;classic&quot;}\">\n\t\t\t\t\t\t<div class=\"elementor-container elementor-column-gap-default\">\n\t\t\t\t\t<div class=\"elementor-column elementor-col-100 elementor-top-column elementor-element elementor-element-3473d17\" data-id=\"3473d17\" data-element_type=\"column\">\n\t\t\t<div class=\"elementor-widget-wrap elementor-element-populated\">\n\t\t\t\t\t\t<div class=\"elementor-element elementor-element-0b71420 elementor-widget elementor-widget-heading\" data-id=\"0b71420\" data-element_type=\"widget\" data-widget_type=\"heading.default\">\n\t\t\t\t<div class=\"elementor-widget-container\">\n\t\t\t\t\t<h2 class=\"elementor-heading-title elementor-size-default\">_____________________________________________<br><br>Rados\u0142aw Ko\u0142ybecki<br>klasa VII<\/h2>\t\t\t\t<\/div>\n\t\t\t\t<\/div>\n\t\t\t\t\t<\/div>\n\t\t<\/div>\n\t\t\t\t\t<\/div>\n\t\t<\/section>\n\t\t\t\t<section class=\"elementor-section elementor-top-section elementor-element elementor-element-bae76b0 elementor-section-boxed elementor-section-height-default elementor-section-height-default\" data-id=\"bae76b0\" data-element_type=\"section\" data-settings=\"{&quot;background_background&quot;:&quot;classic&quot;}\">\n\t\t\t\t\t\t<div class=\"elementor-container elementor-column-gap-default\">\n\t\t\t\t\t<div class=\"elementor-column elementor-col-100 elementor-top-column elementor-element elementor-element-6f745db\" data-id=\"6f745db\" data-element_type=\"column\">\n\t\t\t<div class=\"elementor-widget-wrap elementor-element-populated\">\n\t\t\t\t\t\t<div class=\"elementor-element elementor-element-61e2c56 elementor-widget elementor-widget-text-editor\" data-id=\"61e2c56\" data-element_type=\"widget\" data-widget_type=\"text-editor.default\">\n\t\t\t\t<div class=\"elementor-widget-container\">\n\t\t\t\t\t\t\t\t\t<p>Bardzo chcia\u0142bym opisa\u0107 nasz\u0105 szko\u0142\u0119 im. P. Stamacha z dawnych czas\u00f3w, ale, niestety, nie znam nikogo, kto do niej chodzi\u0142. Poprosi\u0142em wi\u0119c rodzic\u00f3w, by opowiedzieli mi, jak to by\u0142o, gdy oni chodzili do szko\u0142y podstawowej.<\/p><p>By\u0142o to wprawdzie 30 lat temu, ale my\u015bl\u0119, \u017ce uda nam si\u0119 wsp\u00f3lnie odpowiedzie\u0107 na zadane pytania. Rodzice zgodnie stwierdzili, \u017ce to dla nich sentymentalna podr\u00f3\u017c i \u017ce ich wspomnienia z czas\u00f3w szkolnych s\u0105 mi\u0142e i ciekawe. Jednak por\u00f3wnuj\u0105c system edukacji i \u017cycie szkolne, to zasz\u0142o wiele znacz\u0105cych zmian. Oto niekt\u00f3re z nich\u2026<\/p><p>W latach 70., gdy nasi dziadkowie chodzili do szko\u0142y, przed rozpocz\u0119ciem lekcji, przynajmniej raz w tygodniu, odbywa\u0142y si\u0119 apele polityczne. Kiedy\u015b normaln\u0105 rzecz\u0105 by\u0142 fakt, \u017ce uczniowie pomagali w\u00a0 r\u00f3\u017cnych pracach spo\u0142ecznych, np. w zbieraniu ziemniak\u00f3w, sadzeniu drzewek, sprz\u0105taniu li\u015bci oraz byli odpowiedzialni za utrzymanie porz\u0105dku na terenie szko\u0142y i wok\u00f3\u0142 niej.<\/p><p>Uczniowie zazwyczaj chodzili pieszo do szko\u0142y. Obowi\u0105zkowe by\u0142o noszenie fartuszka (mundurek) z tarcz\u0105, na kt\u00f3rej widnia\u0142 nr i nazwa szko\u0142y. Dawniej skala ocen sk\u0142ada\u0142a si\u0119 z czterech stopni: najlepsz\u0105 ocen\u0105 by\u0142a pi\u0105tka, a najgorsz\u0105 dw\u00f3jka. Nie by\u0142o jedynki i sz\u00f3stki ani ocen opisowych. Przez d\u0142ugi czas obowi\u0105zkowym j\u0119zykiem obcym by\u0142 j. rosyjski.<\/p><p>Obecnie szko\u0142a zmniejsza ilo\u015b\u0107 materia\u0142u do zapami\u0119tania, gdy\u017c dzieciaki maj\u0105 teraz swobodny dost\u0119p do internetu. Posiadaj\u0105 telefony kom\u00f3rkowe, smartfony, gdzie mog\u0105 znale\u017a\u0107 wiele potrzebnych informacji i zweryfikowa\u0107 wiadomo\u015bci. Kiedy\u015b nauczyciele i uczniowie korzystali z biblioteki szkolnej i dost\u0119pnych tam \u017ar\u00f3de\u0142 wiedzy, czyli encyklopedii, s\u0142ownik\u00f3w i ksi\u0105\u017cek. Mo\u017cna tam by\u0142o r\u00f3wnie\u017c odda\u0107 niepotrzebne podr\u0119czniki, poniewa\u017c podstawa nauczania nie zmienia\u0142a si\u0119 przez lata. M\u0142odsze klasy mog\u0142y z tego korzysta\u0107. Obecnie z roku na rok zmieniaj\u0105 si\u0119 podr\u0119czniki i a\u017c przykro oddawa\u0107 niekiedy nowiutkie ksi\u0105\u017cki na makulatur\u0119.<\/p><p>Nauczyciele sprawdzali obecno\u015b\u0107 oraz wstawiali oceny do zwyk\u0142ego, papierowego dziennika lekcyjnego. Nie by\u0142o e-dziennik\u00f3w czy laptop\u00f3w. Nauczyciele pisali kred\u0105 po zielonej lub czarnej tablicy. Nie znano poj\u0119cia ekran multimedialny.<\/p><p>Makija\u017c czy farbowane w\u0142osy by\u0142y w szkole podstawowej niedozwolone. Wszystko po to, by ucze\u0144 wygl\u0105da\u0142 skromnie, schludnie i przyzwoicie.<\/p><p>W szkolnych czasach rodzic\u00f3w i dziadk\u00f3w stawia\u0142o si\u0119 na zaj\u0119cia praktyczne. Na technice robili rzeczy, kt\u00f3re mo\u017cna by\u0142o p\u00f3\u017aniej wykorzysta\u0107 w domu, np. drabinki do kwiat\u00f3w, karmniki dla ptak\u00f3w, przyborniki na nici, haftowane chusteczki do nosa, czy po prostu nauka robienia kanapek. Taka fajna i przydatna umiej\u0119tno\u015b\u0107, i krok do bycia samodzielnym!<\/p><p>Wi\u0119kszo\u015b\u0107 szk\u00f3\u0142 nie posiada\u0142a sal gimnastycznych, dlatego wf odbywa\u0142 si\u0119 na korytarzach. Z relacji rodzic\u00f3w wynika, \u017ce nauczyciele byli bardziej surowi i wymagaj\u0105cy. Nieraz dyscyplinowali linijk\u0105 po \u0142apkach czy ci\u0105gni\u0119ciem za uszy. Niegrzeczni uczniowie stali cz\u0119sto w k\u0105cie albo zostawali za kar\u0119 po lekcjach.<\/p><p>My\u015bl\u0119, \u017ce od tamtych czas\u00f3w wiele si\u0119 zmieni\u0142o. Nie tylko program nauczania, nie tylko wyposa\u017cenie szk\u00f3\u0142, nie tylko ubi\u00f3r, obyczaje szkolne czy regulamin, ale i podej\u015bcie do ucznia i nauki. W ka\u017cdych czasach jest co\u015b, co warto by\u0142oby wprowadzi\u0107 oraz jakie\u015b niedoci\u0105gni\u0119cia, kt\u00f3re mogliby\u015bmy poprawi\u0107.<\/p>\t\t\t\t\t\t\t\t<\/div>\n\t\t\t\t<\/div>\n\t\t\t\t\t<\/div>\n\t\t<\/div>\n\t\t\t\t\t<\/div>\n\t\t<\/section>\n\t\t\t\t<section class=\"elementor-section elementor-top-section elementor-element elementor-element-76b1660 elementor-section-boxed elementor-section-height-default elementor-section-height-default\" data-id=\"76b1660\" data-element_type=\"section\" data-settings=\"{&quot;background_background&quot;:&quot;classic&quot;}\">\n\t\t\t\t\t\t<div class=\"elementor-container elementor-column-gap-default\">\n\t\t\t\t\t<div class=\"elementor-column elementor-col-100 elementor-top-column elementor-element elementor-element-50aca74\" data-id=\"50aca74\" data-element_type=\"column\">\n\t\t\t<div class=\"elementor-widget-wrap elementor-element-populated\">\n\t\t\t\t\t\t<div class=\"elementor-element elementor-element-e4a2678 elementor-widget elementor-widget-heading\" data-id=\"e4a2678\" data-element_type=\"widget\" data-widget_type=\"heading.default\">\n\t\t\t\t<div class=\"elementor-widget-container\">\n\t\t\t\t\t<h2 class=\"elementor-heading-title elementor-size-default\">_____________________________________________<br><br>Roksana Plinta<br>klasa IV<\/h2>\t\t\t\t<\/div>\n\t\t\t\t<\/div>\n\t\t\t\t\t<\/div>\n\t\t<\/div>\n\t\t\t\t\t<\/div>\n\t\t<\/section>\n\t\t\t\t<section class=\"elementor-section elementor-top-section elementor-element elementor-element-acc0603 elementor-section-boxed elementor-section-height-default elementor-section-height-default\" data-id=\"acc0603\" data-element_type=\"section\" data-settings=\"{&quot;background_background&quot;:&quot;gradient&quot;}\">\n\t\t\t\t\t\t<div class=\"elementor-container elementor-column-gap-default\">\n\t\t\t\t\t<div class=\"elementor-column elementor-col-100 elementor-top-column elementor-element elementor-element-c91b0b0\" data-id=\"c91b0b0\" data-element_type=\"column\">\n\t\t\t<div class=\"elementor-widget-wrap elementor-element-populated\">\n\t\t\t\t\t\t<div class=\"elementor-element elementor-element-849e51c elementor-widget elementor-widget-text-editor\" data-id=\"849e51c\" data-element_type=\"widget\" data-widget_type=\"text-editor.default\">\n\t\t\t\t<div class=\"elementor-widget-container\">\n\t\t\t\t\t\t\t\t\t<p>Moja babcia Danusia rozpoczyna\u0142a nauk\u0119 szkoln\u0105 w 1973 roku. Ucz\u0119szcza\u0142a do szko\u0142y w Goleszowie przez 2 lata, p\u00f3\u017aniej przeprowadzi\u0142a si\u0119 do Cisownicy i tam kontynuowa\u0142a nauk\u0119. Szko\u0142a by\u0142a 7-klasowa. Ilo\u015b\u0107 przedmiot\u00f3w nie r\u00f3\u017cni\u0142a si\u0119 od obecnych. Istnia\u0142a tak\u017ce \u015bwietlica i sto\u0142\u00f3wka. Na \u015bwietlicy odrabiano lekcje i uczono si\u0119 r\u00f3\u017cnych przydatnych rob\u00f3tek r\u0119cznych, np. szycia, szyde\u0142kowania, robiono te\u017c ozdoby \u015bwi\u0105teczne. Do nauki na lekcjach u\u017cywano ksi\u0105\u017cek, tablic z kred\u0105 i drewnianych przybor\u00f3w szkolnych. Wszystkie dzieci ubrane by\u0142y w mundurki. Ksi\u0105\u017cki nosi\u0142o si\u0119 w torbach, do kt\u00f3rych przyszywano paski na plecy. Do szko\u0142y chodzono piechot\u0105, niezale\u017cnie od pogody.<\/p><p>W drodze powrotnej babcia odbiera\u0142a mleko od gospodarza. Poniewa\u017c nie by\u0142o internetu, telefon\u00f3w i telewizor\u00f3w, wszystkie zabawy opiera\u0142y si\u0119 na pomys\u0142owo\u015bci dzieci.<\/p><p>Babcia ucz\u0119szcza\u0142a na ch\u00f3r i uczy\u0142a si\u0119 ta\u0144c\u00f3w ludowych. Na wychowaniu fizycznym w zimie uczy\u0142a si\u0119 jazdy na nartach i je\u017adzi\u0142a na sankach.<\/p>\t\t\t\t\t\t\t\t<\/div>\n\t\t\t\t<\/div>\n\t\t\t\t\t<\/div>\n\t\t<\/div>\n\t\t\t\t\t<\/div>\n\t\t<\/section>\n\t\t\t\t<\/div>\n\t\t","protected":false},"excerpt":{"rendered":"<p>Oliwier Zag\u00f3rskiklasa VII Postanowi\u0142em opisa\u0107 szko\u0142\u0119, kt\u00f3ra znajduje si\u0119 w\u00a0 gminie Ha\u017clach, w ma\u0142ej\u00a0 wsi Rudnik. Szko\u0142a ta istnieje od 146 lat, jako polska plac\u00f3wka od 102 lat. Chodzi\u0142 do tej szko\u0142y dziadek Leon, chodzi\u0142a te\u017c babcia Otylia. Babcia wspomina szko\u0142\u0119 bardzo mi\u0142o. Zawsze ucz\u0119szcza\u0142o tam ma\u0142o dzieci, wszyscy byli ze sob\u0105 z\u017cyci, a nauczyciele [&hellip;]<\/p>\n","protected":false},"author":4,"featured_media":0,"parent":0,"menu_order":28,"comment_status":"closed","ping_status":"closed","template":"","meta":{"footnotes":""},"class_list":["post-3372","page","type-page","status-publish","hentry"],"yoast_head":"<!-- This site is optimized with the Yoast SEO plugin v24.7 - https:\/\/yoast.com\/wordpress\/plugins\/seo\/ -->\n<title>Spoza Ba\u017canowic - Szko\u0142a Podstawowa im. Paw\u0142a Stalmacha w Ba\u017canowicach<\/title>\n<meta name=\"robots\" content=\"index, follow, max-snippet:-1, max-image-preview:large, max-video-preview:-1\" \/>\n<link rel=\"canonical\" href=\"http:\/\/spbazanowice.com.pl\/?page_id=3372\" \/>\n<meta property=\"og:locale\" content=\"pl_PL\" \/>\n<meta property=\"og:type\" content=\"article\" \/>\n<meta property=\"og:title\" content=\"Spoza Ba\u017canowic - Szko\u0142a Podstawowa im. Paw\u0142a Stalmacha w Ba\u017canowicach\" \/>\n<meta property=\"og:description\" content=\"Oliwier Zag\u00f3rskiklasa VII Postanowi\u0142em opisa\u0107 szko\u0142\u0119, kt\u00f3ra znajduje si\u0119 w\u00a0 gminie Ha\u017clach, w ma\u0142ej\u00a0 wsi Rudnik. Szko\u0142a ta istnieje od 146 lat, jako polska plac\u00f3wka od 102 lat. Chodzi\u0142 do tej szko\u0142y dziadek Leon, chodzi\u0142a te\u017c babcia Otylia. Babcia wspomina szko\u0142\u0119 bardzo mi\u0142o. Zawsze ucz\u0119szcza\u0142o tam ma\u0142o dzieci, wszyscy byli ze sob\u0105 z\u017cyci, a nauczyciele [&hellip;]\" \/>\n<meta property=\"og:url\" content=\"http:\/\/spbazanowice.com.pl\/?page_id=3372\" \/>\n<meta property=\"og:site_name\" content=\"Szko\u0142a Podstawowa im. Paw\u0142a Stalmacha w Ba\u017canowicach\" \/>\n<meta property=\"article:publisher\" content=\"https:\/\/www.facebook.com\/people\/Szkoa-Podstawowa-im-Pawa-Stalmacha-w-Baanowicach\/100063560261577\/\" \/>\n<meta property=\"article:modified_time\" content=\"2025-10-10T17:24:15+00:00\" \/>\n<meta name=\"twitter:card\" content=\"summary_large_image\" \/>\n<meta name=\"twitter:label1\" content=\"Szacowany czas czytania\" \/>\n\t<meta name=\"twitter:data1\" content=\"13 minut\" \/>\n<script type=\"application\/ld+json\" class=\"yoast-schema-graph\">{\"@context\":\"https:\/\/schema.org\",\"@graph\":[{\"@type\":\"WebPage\",\"@id\":\"http:\/\/spbazanowice.com.pl\/?page_id=3372\",\"url\":\"http:\/\/spbazanowice.com.pl\/?page_id=3372\",\"name\":\"Spoza Ba\u017canowic - Szko\u0142a Podstawowa im. Paw\u0142a Stalmacha w Ba\u017canowicach\",\"isPartOf\":{\"@id\":\"http:\/\/spbazanowice.com.pl\/#website\"},\"datePublished\":\"2021-03-22T11:41:33+00:00\",\"dateModified\":\"2025-10-10T17:24:15+00:00\",\"breadcrumb\":{\"@id\":\"http:\/\/spbazanowice.com.pl\/?page_id=3372#breadcrumb\"},\"inLanguage\":\"pl-PL\",\"potentialAction\":[{\"@type\":\"ReadAction\",\"target\":[\"http:\/\/spbazanowice.com.pl\/?page_id=3372\"]}]},{\"@type\":\"BreadcrumbList\",\"@id\":\"http:\/\/spbazanowice.com.pl\/?page_id=3372#breadcrumb\",\"itemListElement\":[{\"@type\":\"ListItem\",\"position\":1,\"name\":\"Strona g\u0142\u00f3wna\",\"item\":\"http:\/\/spbazanowice.com.pl\/\"},{\"@type\":\"ListItem\",\"position\":2,\"name\":\"Spoza Ba\u017canowic\"}]},{\"@type\":\"WebSite\",\"@id\":\"http:\/\/spbazanowice.com.pl\/#website\",\"url\":\"http:\/\/spbazanowice.com.pl\/\",\"name\":\"Szko\u0142a Podstawowa im. Paw\u0142a Stalmacha w Ba\u017canowicach\",\"description\":\"\",\"publisher\":{\"@id\":\"http:\/\/spbazanowice.com.pl\/#organization\"},\"potentialAction\":[{\"@type\":\"SearchAction\",\"target\":{\"@type\":\"EntryPoint\",\"urlTemplate\":\"http:\/\/spbazanowice.com.pl\/?s={search_term_string}\"},\"query-input\":{\"@type\":\"PropertyValueSpecification\",\"valueRequired\":true,\"valueName\":\"search_term_string\"}}],\"inLanguage\":\"pl-PL\"},{\"@type\":\"Organization\",\"@id\":\"http:\/\/spbazanowice.com.pl\/#organization\",\"name\":\"Szko\u0142a Podstawowa im. Paw\u0142a Stalmacha w Ba\u017canowicach\",\"url\":\"http:\/\/spbazanowice.com.pl\/\",\"logo\":{\"@type\":\"ImageObject\",\"inLanguage\":\"pl-PL\",\"@id\":\"http:\/\/spbazanowice.com.pl\/#\/schema\/logo\/image\/\",\"url\":\"http:\/\/spbazanowice.com.pl\/wp-content\/uploads\/2023\/03\/IMG-20211220-WA0000-1.jpg\",\"contentUrl\":\"http:\/\/spbazanowice.com.pl\/wp-content\/uploads\/2023\/03\/IMG-20211220-WA0000-1.jpg\",\"width\":353,\"height\":396,\"caption\":\"Szko\u0142a Podstawowa im. Paw\u0142a Stalmacha w Ba\u017canowicach\"},\"image\":{\"@id\":\"http:\/\/spbazanowice.com.pl\/#\/schema\/logo\/image\/\"},\"sameAs\":[\"https:\/\/www.facebook.com\/people\/Szkoa-Podstawowa-im-Pawa-Stalmacha-w-Baanowicach\/100063560261577\/\"]}]}<\/script>\n<!-- \/ Yoast SEO plugin. -->","yoast_head_json":{"title":"Spoza Ba\u017canowic - Szko\u0142a Podstawowa im. Paw\u0142a Stalmacha w Ba\u017canowicach","robots":{"index":"index","follow":"follow","max-snippet":"max-snippet:-1","max-image-preview":"max-image-preview:large","max-video-preview":"max-video-preview:-1"},"canonical":"http:\/\/spbazanowice.com.pl\/?page_id=3372","og_locale":"pl_PL","og_type":"article","og_title":"Spoza Ba\u017canowic - Szko\u0142a Podstawowa im. Paw\u0142a Stalmacha w Ba\u017canowicach","og_description":"Oliwier Zag\u00f3rskiklasa VII Postanowi\u0142em opisa\u0107 szko\u0142\u0119, kt\u00f3ra znajduje si\u0119 w\u00a0 gminie Ha\u017clach, w ma\u0142ej\u00a0 wsi Rudnik. Szko\u0142a ta istnieje od 146 lat, jako polska plac\u00f3wka od 102 lat. Chodzi\u0142 do tej szko\u0142y dziadek Leon, chodzi\u0142a te\u017c babcia Otylia. Babcia wspomina szko\u0142\u0119 bardzo mi\u0142o. Zawsze ucz\u0119szcza\u0142o tam ma\u0142o dzieci, wszyscy byli ze sob\u0105 z\u017cyci, a nauczyciele [&hellip;]","og_url":"http:\/\/spbazanowice.com.pl\/?page_id=3372","og_site_name":"Szko\u0142a Podstawowa im. Paw\u0142a Stalmacha w Ba\u017canowicach","article_publisher":"https:\/\/www.facebook.com\/people\/Szkoa-Podstawowa-im-Pawa-Stalmacha-w-Baanowicach\/100063560261577\/","article_modified_time":"2025-10-10T17:24:15+00:00","twitter_card":"summary_large_image","twitter_misc":{"Szacowany czas czytania":"13 minut"},"schema":{"@context":"https:\/\/schema.org","@graph":[{"@type":"WebPage","@id":"http:\/\/spbazanowice.com.pl\/?page_id=3372","url":"http:\/\/spbazanowice.com.pl\/?page_id=3372","name":"Spoza Ba\u017canowic - Szko\u0142a Podstawowa im. Paw\u0142a Stalmacha w Ba\u017canowicach","isPartOf":{"@id":"http:\/\/spbazanowice.com.pl\/#website"},"datePublished":"2021-03-22T11:41:33+00:00","dateModified":"2025-10-10T17:24:15+00:00","breadcrumb":{"@id":"http:\/\/spbazanowice.com.pl\/?page_id=3372#breadcrumb"},"inLanguage":"pl-PL","potentialAction":[{"@type":"ReadAction","target":["http:\/\/spbazanowice.com.pl\/?page_id=3372"]}]},{"@type":"BreadcrumbList","@id":"http:\/\/spbazanowice.com.pl\/?page_id=3372#breadcrumb","itemListElement":[{"@type":"ListItem","position":1,"name":"Strona g\u0142\u00f3wna","item":"http:\/\/spbazanowice.com.pl\/"},{"@type":"ListItem","position":2,"name":"Spoza Ba\u017canowic"}]},{"@type":"WebSite","@id":"http:\/\/spbazanowice.com.pl\/#website","url":"http:\/\/spbazanowice.com.pl\/","name":"Szko\u0142a Podstawowa im. Paw\u0142a Stalmacha w Ba\u017canowicach","description":"","publisher":{"@id":"http:\/\/spbazanowice.com.pl\/#organization"},"potentialAction":[{"@type":"SearchAction","target":{"@type":"EntryPoint","urlTemplate":"http:\/\/spbazanowice.com.pl\/?s={search_term_string}"},"query-input":{"@type":"PropertyValueSpecification","valueRequired":true,"valueName":"search_term_string"}}],"inLanguage":"pl-PL"},{"@type":"Organization","@id":"http:\/\/spbazanowice.com.pl\/#organization","name":"Szko\u0142a Podstawowa im. Paw\u0142a Stalmacha w Ba\u017canowicach","url":"http:\/\/spbazanowice.com.pl\/","logo":{"@type":"ImageObject","inLanguage":"pl-PL","@id":"http:\/\/spbazanowice.com.pl\/#\/schema\/logo\/image\/","url":"http:\/\/spbazanowice.com.pl\/wp-content\/uploads\/2023\/03\/IMG-20211220-WA0000-1.jpg","contentUrl":"http:\/\/spbazanowice.com.pl\/wp-content\/uploads\/2023\/03\/IMG-20211220-WA0000-1.jpg","width":353,"height":396,"caption":"Szko\u0142a Podstawowa im. Paw\u0142a Stalmacha w Ba\u017canowicach"},"image":{"@id":"http:\/\/spbazanowice.com.pl\/#\/schema\/logo\/image\/"},"sameAs":["https:\/\/www.facebook.com\/people\/Szkoa-Podstawowa-im-Pawa-Stalmacha-w-Baanowicach\/100063560261577\/"]}]}},"_links":{"self":[{"href":"http:\/\/spbazanowice.com.pl\/index.php?rest_route=\/wp\/v2\/pages\/3372","targetHints":{"allow":["GET"]}}],"collection":[{"href":"http:\/\/spbazanowice.com.pl\/index.php?rest_route=\/wp\/v2\/pages"}],"about":[{"href":"http:\/\/spbazanowice.com.pl\/index.php?rest_route=\/wp\/v2\/types\/page"}],"author":[{"embeddable":true,"href":"http:\/\/spbazanowice.com.pl\/index.php?rest_route=\/wp\/v2\/users\/4"}],"replies":[{"embeddable":true,"href":"http:\/\/spbazanowice.com.pl\/index.php?rest_route=%2Fwp%2Fv2%2Fcomments&post=3372"}],"version-history":[{"count":61,"href":"http:\/\/spbazanowice.com.pl\/index.php?rest_route=\/wp\/v2\/pages\/3372\/revisions"}],"predecessor-version":[{"id":25232,"href":"http:\/\/spbazanowice.com.pl\/index.php?rest_route=\/wp\/v2\/pages\/3372\/revisions\/25232"}],"wp:attachment":[{"href":"http:\/\/spbazanowice.com.pl\/index.php?rest_route=%2Fwp%2Fv2%2Fmedia&parent=3372"}],"curies":[{"name":"wp","href":"https:\/\/api.w.org\/{rel}","templated":true}]}}